
{"id":413,"date":"2011-05-18T10:09:17","date_gmt":"2011-05-18T10:09:17","guid":{"rendered":"http:\/\/www.enjoyslovakiasoul.com\/?page_id=413"},"modified":"2011-05-20T20:36:15","modified_gmt":"2011-05-20T20:36:15","slug":"summer","status":"publish","type":"page","link":"https:\/\/www.enjoyslovakiasoul.com\/sk\/summer\/","title":{"rendered":"Leto- Zoznam Podujat\u00ed na Slovensku"},"content":{"rendered":"<p><\/p>\n<p style=\"text-align: center;\">Pon\u00fakame v\u00e1m tie najkraj\u0161ie tradi\u010dn\u00e9, kul\u00farne a \u0161portov\u00e9 podujatia,  ktor\u00e9 s nami m\u00f4\u017eete nav\u0161t\u00edvi\u0165. Ak m\u00e1te z\u00e1ujem alebo ak\u00e9ko\u013evek ot\u00e1zky <a title=\"Kontakt\" href=\"..\/?page_id=17&amp;lang=sk\">kontaktujte n\u00e1s<\/a>. Radi uv\u00edtame ak\u00e9ko\u013evek va\u0161e  koment\u00e1re, \u017eiadosti a inform\u00e1cie o podujatiach na Slovensku: <a href=\"mailto:info@enjoyslovakiasoul.com\">info@enjoyslovakiasoul.com<\/a>. Te\u0161\u00edme sa na stretnutie s vami!<\/p>\n<p>&nbsp;<\/p>\n<p style=\"text-align: left;\"><a href=\"http:\/\/www.enjoyslovakiasoul.com\/wp-content\/uploads\/A-duchovia-na-Oravskom-hrade-predsa-s\u00fa-...1.jpg\"><img decoding=\"async\" loading=\"lazy\" title=\"Orava Castle\" src=\"http:\/\/www.enjoyslovakiasoul.com\/wp-content\/uploads\/A-duchovia-na-Oravskom-hrade-predsa-s\u00fa-...1-150x150.jpg\" alt=\"\" width=\"150\" height=\"150\" \/><\/a><a href=\"http:\/\/www.enjoyslovakiasoul.com\/wp-content\/uploads\/Medzin\u00e1rodn\u00e1-veter\u00e1n-relley-500-km-SLOVENSK\u00ddCH1.jpg\"><img decoding=\"async\" loading=\"lazy\" class=\"alignleft\" title=\"Medzin\u00e1rodn\u00e1 veter\u00e1n relley 500 km \" src=\"http:\/\/www.enjoyslovakiasoul.com\/wp-content\/uploads\/Medzin\u00e1rodn\u00e1-veter\u00e1n-relley-500-km-SLOVENSK\u00ddCH1-150x150.jpg\" alt=\"\" width=\"150\" height=\"150\" \/><\/a><a href=\"http:\/\/www.enjoyslovakiasoul.com\/wp-content\/uploads\/Romantick\u00e1-plavba-na-pltiach-okolo-Oravsk\u00e9ho-Hradu.jpg\"><img decoding=\"async\" loading=\"lazy\" class=\"alignleft size-thumbnail wp-image-691\" title=\"Romantick\u00e1 plavba na pltiach okolo Oravsk\u00e9ho Hradu\" src=\"http:\/\/www.enjoyslovakiasoul.com\/wp-content\/uploads\/Romantick\u00e1-plavba-na-pltiach-okolo-Oravsk\u00e9ho-Hradu-150x150.jpg\" alt=\"\" width=\"150\" height=\"150\" \/><\/a><\/p>\n<p>&nbsp;<\/p>\n<h2>Romantick\u00e1 plavba na pltiach okolo Oravsk\u00e9ho Hradu<\/h2>\n<p>M\u00e1j-Okt\u00f3ber, 2011<\/p>\n<p>Ak t\u00fa\u017eite za\u017ei\u0165 romantick\u00fa dovolenku v prekr\u00e1snych z\u00e1kutiach rieky  Oravy s n\u00e1dychom dobrodru\u017estva, alebo trochu adrenal\u00ednu na divokej vode &#8211;  rieka Orava pon\u00faka nen\u00e1ro\u010dn\u00e9 splavovanie prekr\u00e1snou oravskou pr\u00edrodou.<br \/>\nOkrem po\u017ei\u010dovne kompletn\u00e9ho vod\u00e1ckeho vybavenia zabezpe\u010dujeme splavy na rieke Orave:<\/p>\n<ul>\n<li>pre za\u010diato\u010dn\u00edkov<\/li>\n<li>rodiny s de\u0165mi<\/li>\n<li>detsk\u00e9 t\u00e1bory<\/li>\n<li>\u0161kolsk\u00e9 v\u00fdlety<\/li>\n<li>partie priate\u013eov<\/li>\n<li>ale aj pre sk\u00fasen\u00fdch      vod\u00e1kov<\/li>\n<\/ul>\n<p>Dl\u017eka splavu: pod\u013ea dl\u017eky \u00faseku (min. 2 hodiny, max. 2 dni).<\/p>\n<h2>ZAHRAJME SA AKO KEDYSI (medzin\u00e1rodn\u00fd de\u0148 det\u00ed)<\/h2>\n<p>J\u00fan 1, 2011<\/p>\n<p>Pri pr\u00edle\u017eitosti Medzin\u00e1rodn\u00e9ho d\u0148a det\u00ed pripravuje m\u00fazeum program  \u201eZahrajme sa ako kedysi\u201c. Detsk\u00ed n\u00e1v\u0161tevn\u00edci si v r\u00e1mci programu m\u00f4\u017eu  vybra\u0165 z viac ako tridsiatich pohybov\u00fdch, vedomostn\u00fdch i tvoriv\u00fdch  aktiv\u00edt, ktor\u00e9 prebiehaj\u00fa v celom are\u00e1li m\u00fazea. Nech\u00fdbaj\u00fa netradi\u010dn\u00e9  discipl\u00edny ako beh s kufrom, chodenie na chod\u00fa\u013eoch, prechod po lane,  r\u00f4zne kv\u00edzy a hlavolamy, tvoriv\u00e9 dielne. Aktivity s\u00fa ur\u010den\u00e9 pre deti, no  aj star\u0161\u00ed n\u00e1v\u0161tevn\u00edci si m\u00f4\u017eu pr\u00eds\u0165 na svoje.<\/p>\n<h2>Otvorenie ryb\u00e1rskej sez\u00f3ny &#8211; preteky &#8211; ve\u010dera grilovanie prasa\u0165a.<\/h2>\n<p>J\u00fan 1-5, 2011<\/p>\n<p>V\u00a0kr\u00e1snom regi\u00f3ne Liptova- Liptovsk\u00e1 Sielnica<\/p>\n<h2>Festival drot\u00e1rstva a stretnutia drot\u00e1rskych majstrov<\/h2>\n<p>J\u00fan, 2011<\/p>\n<p>Medzin\u00e1rodn\u00e9 festivalov\u00e9 podujatie s tradi\u010dn\u00fdm trhom, jarmokom a kult\u00farnym programom v\u00a0kr\u00e1snom historickom meste \u017dilina.<\/p>\n<h2><strong>Podbielansk\u00e9 folkl\u00f3rne sl\u00e1vnosti<\/strong><\/h2>\n<p>J\u00fal 3, 2011<\/p>\n<p>Folkl\u00f3rny festival v\u00a0historickej dedinke Podbiel, ktor\u00e1 je zn\u00e1ma  svojou tradi\u010dnou architekt\u00farou, dreven\u00fdmi sochami, ktor\u00e9 napodob\u0148uj\u00fa  v\u00fdznam obce v\u00a0minulosti.<\/p>\n<p>&nbsp;<\/p>\n<h2><strong>Folkl\u00f3rne Oravice<\/strong><\/h2>\n<p>J\u00fal, 2011<\/p>\n<p>Folkl\u00f3rny festival, prehliadka \u013eudov\u00fdch s\u00faborov zo Slovenska a zo  zahrani\u010dia, plno z\u00e1bavy a veselej n\u00e1lady. V\u00a0Oraviciach sa po\u010das t\u00fdchto  dn\u00ed predstavuje v\u00fdroba tradi\u010dn\u00fdch slovensk\u00fdch v\u00fdrobkov z\u00a0dreva,\u00a0 kovu,  pr\u00fatia, medu, cukroviniek. Vysk\u00fa\u0161aj si jazdu na koni \u010di na ko\u010di, alebo  sa osvie\u017e v\u00a0teplom term\u00e1lnom parku \u010di zabav sa v\u00a0aqua parku, ktor\u00fd je  v\u00a0centre Orav\u00edc.<strong> <\/strong><\/p>\n<h2>J\u00e1no\u0161\u00edkove dni<\/h2>\n<p>J\u00fal 28-31, 2011<\/p>\n<p>Medzin\u00e1rodn\u00fd folkl\u00f3rny festival J\u00e1no\u0161\u00edkove dni si medzi slovensk\u00fdmi  festivalmi z\u00edskal svoju origin\u00e1lnu tv\u00e1r a bol u\u017e dvakr\u00e1t vyhl\u00e1sen\u00fd za  turistick\u00fa atrakciu roka. V\u00a0kr\u00e1snom prostred\u00ed h\u00f4r pre\u017eijete kr\u00e1sne  chv\u00edle, kde atmosf\u00e9ru vytv\u00e1ra vesel\u00e1 \u017eiv\u00e1 \u013eudov\u00e1 hudba, mnoho  folkl\u00f3rn\u00fdch s\u00faborov, ktor\u00e9 svoje tance, kroje a spev predv\u00e1dzaj\u00fa na  prekr\u00e1snom amfite\u00e1try, ktor\u00fd je umiestnen\u00fd v\u00a0hor\u00e1ch, \u010do dod\u00e1va cel\u00e9mu  festivalu neopakovate\u013en\u00fd z\u00e1\u017eitok. Po\u010das festivalu je mo\u017enos\u0165 vysk\u00fa\u0161a\u0165 si  r\u00f4zne historick\u00e9 remesl\u00e1 a pozrie\u0165 si v\u00fdrobu mnoh\u00fdch slovensk\u00fdch  tradi\u010dn\u00fdch v\u00fdrobkov.<\/p>\n<h2>&#8222;Sviatok H\u00f4r&#8220;- Hory, prame\u0148 l\u00e1sky<\/h2>\n<p>J\u00fal, 2011<\/p>\n<p>Ka\u017edoro\u010dne v j\u00fali sa v kr\u00e1snom po\u010das\u00ed sch\u00e1dzali \u013eudia na po\u013eanu  Zverovka v\u00a0Z\u00e1padn\u00fdch Tatr\u00e1ch k sl\u00e1veniu nede\u013enej sv\u00e4tej om\u0161e na Sviatok  h\u00f4r. Tu pod mottom Hory, prame\u0148 l\u00e1sky, vyrezan\u00fdm na prie\u010del\u00ed majstrovsky  postavan\u00e9ho pr\u00edstre\u0161ku, pri\u0161li \u010fakova\u0165 za dar kr\u00e1snej pr\u00edrody, za jej  zachovanie a ochranu v nej. (Motto vystihuje sam\u00fa podstatu Bo\u017eej  pr\u00edtomnosti v pr\u00edrode, ktor\u00e1 sa n\u00e1m d\u00e1va ako nezasl\u00fa\u017een\u00fd dar Bo\u017eej  l\u00e1sky.)<\/p>\n<h2>O\u017dIVEN\u00c9 REMESL\u00c1 V\u00a0SKANZENE ORAVSKEJ DEDINY<\/h2>\n<p>J\u00fal-August, 2011<\/p>\n<p>K letnej ponuke m\u00fazea patr\u00ed program O\u017eiven\u00e9 remesl\u00e1, ktor\u00fd sa zvykne  kona\u0165 ka\u017edoro\u010dne tret\u00ed j\u00falov\u00fd v\u00edkend. Od piatku do nedele nieko\u013eko  desiatok remeseln\u00edkov predv\u00e1dza v are\u00e1li m\u00fazea uk\u00e1\u017eky remeseln\u00edckej  v\u00fdroby. Medzi tradi\u010dn\u00fdmi remeslami b\u00fdvaj\u00fa zast\u00fapen\u00e9 hrn\u010diarstvo,  kov\u00e1\u010dstvo, r\u00f4zne podoby spracovania dreva od s\u00fastru\u017een\u00fdch predmetov cez  koryt\u00e1rstvo a\u017e po drevorezbu, spracovanie text\u00edli\u00ed a ko\u017ee,  medovn\u00edk\u00e1rstvo, ko\u0161\u00edk\u00e1rstvo, drot\u00e1rstvo, v\u00fdroba plechov\u00fdch zvoncov i  r\u00f4znych ozdobn\u00fdch predmetov ako s\u00fa svie\u010dky z v\u010delieho vosku, ma\u013eba na  skle a podobne. Niektor\u00e9 techniky \u2013 napr\u00edklad to\u010denie na hrn\u010diarskom  kruhu, si m\u00f4\u017eu n\u00e1v\u0161tevn\u00edci aj vysk\u00fa\u0161a\u0165. Ka\u017ed\u00fd de\u0148 popoludn\u00ed b\u00fdva  spestren\u00fd sprievodn\u00fdm folkl\u00f3rnym programom.<\/p>\n<h2>Medzin\u00e1rodn\u00e1 veter\u00e1n relley 500 km SLOVENSK\u00ddCH v Zuberci<\/h2>\n<p>J\u00fan, 2011<\/p>\n<p>V Zuberci sa stret\u00e1vaj\u00fa pos\u00e1dky veter\u00e1nov z celej Eur\u00f3py, spozn\u00e1vaj\u00fa  kr\u00e1sy Oravy, Liptova, Kys\u00fac. Osemdesiat percent aut bolo vyroben\u00fdch do  r. 1939, \u010do je v r\u00e1mci Eur\u00f3py jedine\u010dn\u00e9. Fantastick\u00e9 prostredie  vytvorili obdivovatelia a n\u00e1v\u0161tevn\u00edci. Zahrani\u010dn\u00ed \u00fa\u010dastn\u00edci vyslovili  uznanie tomuto medzin\u00e1rodn\u00e9mu podujatiu. Nenechajte si ujs\u0165 poh\u013ead na  vozy z prelomu 18-19 st.<\/p>\n<h2>Stretnutie turistov na L\u00fa\u010dnej<\/h2>\n<p>J\u00fan, 2011<\/p>\n<p>Stretnutie sa kon\u00e1 ka\u017edoro\u010dne v j\u00fani. V\u00fdstup na l\u00fa\u010dnu. Zuber\u010dania si  obliekaj\u00fa kroje, ber\u00fa svoje rodiny. Z jej vrcholov s\u00fa v dobrom po\u010das\u00ed  n\u00e1dhern\u00e9 v\u00fdh\u013eady. V\u00a0 nede\u013eu (polovica j\u00fala) sa uskuto\u010dn\u00ed spolo\u010dn\u00e9  stretnutie turistov na L\u00fa\u010dnej. Za\u010diatok je o 12.00 hod. pri kr\u00ed\u017ei. Na  vrchole je sl\u00fa\u017een\u00e1 aj sv. om\u0161a.<\/p>\n<p>Srde\u010dne do Zuberca poz\u00fdvame v\u0161etk\u00fdch turistov na tradi\u010dn\u00e9 stretnutie v Z\u00e1padn\u00fdch Tatr\u00e1ch v Roh\u00e1\u010doch !<\/p>\n<h2>\u201eA duchovia na Oravskom hrade predsa s\u00fa &#8230;&#8220;<\/h2>\n<p>J\u00fal 30, 2011<\/p>\n<p>Oravsk\u00fd Podz\u00e1mok, Oravsk\u00e9 m\u00fazeum P. O. Hviezdoslava v zria\u010fovate\u013eskej  p\u00f4sobnosti \u017dilinsk\u00e9ho samospr\u00e1vneho kraja pripravilo ve\u010der 30. j\u00fala pre  n\u00e1v\u0161tevn\u00edkov \u010fal\u0161iu no\u010dn\u00fa prehliadku Oravsk\u00e9ho hradu pod n\u00e1zvom \u201eNoc s  duchmi \u201e,<\/p>\n<p>Prehliadka zo stra\u0161idlami a historick\u00fdmi bytos\u0165ami na Oravskom hrade<br \/>\nV hlavnej letnej turistickej sez\u00f3ne pripravujeme e\u0161te v polovici augusta  zauj\u00edmav\u00fa ve\u010dern\u00fa prehliadku so stra\u0161idlami a historick\u00fdmi bytos\u0165ami  ur\u010den\u00e9 pre deti.<\/p>\n<h2>Habovsk\u00fd kardan na Orave<\/h2>\n<p>J\u00fal, 2011<\/p>\n<p>S\u00fa\u0165a\u017e svojpomocne vyroben\u00fdch malotraktorov O habovsk\u00fd kardan v  Habovke pripravuj\u00fa pribl\u017ene posledn\u00fd j\u00falov\u00fd v\u00edkend. Habovsk\u00fd kardan je  dnes ve\u013emi popul\u00e1rna s\u00fa\u0165a\u017e podom\u00e1cky vyroben\u00fdch malotraktorov a te\u0161\u00ed sa  ka\u017edoro\u010dne mno\u017estvu div\u00e1kov. Na n\u00e1v\u0161tevn\u00edkov \u010dak\u00e1 mno\u017estvo st\u00e1nkov a  in\u00fdch atrakci\u00ed.<\/p>\n<h2>OZVENY TRAD\u00cdCI\u00cd V M\u00daZEU ORAVSKEJ DEDINY<\/h2>\n<p>J\u00fal, 2011<\/p>\n<p>Sc\u00e9nick\u00e1 mozaika z prvkov \u013eudovej kult\u00fary na Orave &#8211; \u013eudov\u00fd odev,  hudobn\u00e9 n\u00e1stroje, hudba, tanec, spev. V j\u00fali a auguste ka\u017ed\u00fa stredu o  14.00 h V M\u00daZEU ORAVSKEJ DEDINY V ZUBERCI.<\/p>\n<p>&nbsp;<\/p>\n<h2>XIVI. Zubersk\u00fd triatlon zdravia- 14. Ro\u010dn\u00edk<\/h2>\n<p>August, 2011<\/p>\n<p>Organiza\u010dn\u00fd v\u00fdbor zubersk\u00e9ho triatlonu zdravia poriada pre u\u017e XIV.  ro\u010dn\u00edk ZUBERSK\u00c9HO TRIATLONU ZDRAVIA. Srde\u010dne poz\u00fdvame na triatlon do  Zuberca do h\u00f4r na\u0161\u00edch Z\u00e1padn\u00fdch Tatier.<\/p>\n<p>&nbsp;<\/p>\n<h2>Hlavn\u00fd letn\u00fd program- XXXVI. Podroh\u00e1\u010dske folkl\u00f3rne sl\u00e1vnosti- Medzin\u00e1rodn\u00fd folkl\u00f3rny festival, Tradi\u010dn\u00fd jarmok<\/h2>\n<p>August 5-7, 2011<\/p>\n<p>Hlavn\u00fd sprievodn\u00fd program letnej sez\u00f3ny v Zuberci pod Roh\u00e1\u010dmi-Podroh\u00e1\u010dske folkl\u00f3rne sl\u00e1vnosti XXVI.<\/p>\n<p>Podroh\u00e1\u010dske folkl\u00f3rne sl\u00e1vnosti, ktor\u00e9 sa konaj\u00fa v amfite\u00e1tri na  Brestovej, s\u00fa vyvrcholen\u00edm letnej sez\u00f3ny v\u00a0Zuberci v\u00a0Z\u00e1padn\u00fdch tatr\u00e1ch.  \u010cas\u0165 sprievodn\u00fdch programov tohto festivalu sa kon\u00e1 v m\u00fazeu: Tradi\u010dn\u00fd  oravsk\u00fd jarmok, vernis\u00e1\u017e v\u00fdstavy, p\u00e1smo o zbierkov\u00fdch \u013eudov\u00fdch  tradi\u010dn\u00fdch predmetoch Oravsk\u00e9ho m\u00fazea a s nimi spojen\u00fdmi zvykmi a  trad\u00edciami, sl\u00e1vnostn\u00fd sprievod \u00fa\u010dastn\u00edkov festivalu, sl\u00e1vnostn\u00e1 nede\u013en\u00e1  sv. om\u0161a, \u010di furmanka.<\/p>\n<p>&nbsp;<\/p>\n<h2>V\u00fdstava o jaskyni Brestov\u00e1- Sprievodn\u00fd program Podroh\u00e1\u010dskych folk\u00f3rnych sl\u00e1vnost\u00ed<\/h2>\n<p>August 5-7, 2011<\/p>\n<p>Sprievodn\u00fdm podujat\u00edm Podroh\u00e1\u010dskych folkl\u00f3rnych sl\u00e1vnost\u00ed sa u\u017e od  ich po\u010diatkov b\u00fdva v priestoroch M\u00fazea Oravskej dediny. Vo v\u00fdstavn\u00fdch  priestoroch Horn\u00e1 Lehota je in\u0161talovan\u00e1 v\u00fdstava dobov\u00fdch i s\u00fa\u010dasn\u00fdch  fotograf\u00ed\u00ed z bl\u00edzkej Brestovskej jaskyne. Pripravila ju Spr\u00e1va  Slovensk\u00fdch jask\u00fd\u0148, Liptovsk\u00fd Mikul\u00e1\u0161 a potrv\u00e1 do konca augusta.<\/p>\n<p>\u201e&#8230;.Brestovsk\u00e1 jasky\u0148a sa nach\u00e1dza nedeleko M\u00fazea oravskej dediny v  nadmorskej v\u00fd\u0161ke 867 metrov. Ide o jasky\u0148u s podzemn\u00fdm tokom vytvoren\u00fa  vo v\u00e1penco- dolomitov\u00fdch hornin\u00e1ch najme ponorn\u00fdmi tokmi Roh\u00e1\u010dskeho  mas\u00edvu. V s\u00fa\u010dasnosti je d\u013a\u017eka okolo 2 km, zistilo sa desiatky druhov  bezstavovcov, pstruhov, ktor\u00e9 v podmienkach ve\u010dnej tmy str\u00e1caj\u00fa pigment,  v zime 2001 tu zimovalo 35 kusov netopierov 4 druhov&#8230;..\u201c<\/p>\n<h2>Dni remesiel na skanzene- M\u00faze\u00fam Oravskej dediny v Zuberci<\/h2>\n<p>J\u00fal 16-18, 2011<\/p>\n<p>Dni remesiel na skanzene- M\u00faze\u00fam Oravskej dediny v\u00a0Zuberci na Orave<\/p>\n<p>V M\u00fazeu Oravskej dediny pribli\u017ene v d\u0148och od 16.-18. j\u00fala 2011,  prebehne u\u017e 10. Ro\u010dn\u00edk podujatia O\u017dIVEN\u00c9 REMESL\u00c1.\u00a0 O\u017eiven\u00e9 m\u00fazeum-  predv\u00e1dzanie remeseln\u00edckej v\u00fdroby, folkl\u00f3rne vyst\u00fapenia, bohat\u00fd kult\u00farny  program, tradi\u010dn\u00fd oravsk\u00fd jarmok.<\/p>\n<h2>V\u010del\u00e1rska nede\u013ea- M\u00fazeum Oravskej dediny Zuberec<\/h2>\n<p>J\u00fal 17, 2011<\/p>\n<p>Predposledn\u00fd j\u00falov\u00fd v\u00edkend patr\u00ed M\u00fazeu oravskej dediny v Zuberci na  Brestovej u\u017e tradi\u010dne v\u0161etk\u00fdm v\u010del\u00e1rom a v\u0161etk\u00fdm, ktor\u00ed maj\u00fa radi med a  v\u00fdrobky z neho. Tradi\u010dn\u00e1 v\u010del\u00e1rska nede\u013ea tu nebude ch\u00fdba\u0165 ani tento rok  s bohat\u00fdm sprievodn\u00fdm programom, na minulom 9. ro\u010dn\u00edku sa z\u00fa\u010dastnilo  vy\u0161e 40 hudobn\u00edkov z cel\u00e9ho sveta.<\/p>\n<p>&#8211; Sv\u00e4t\u00e1 om\u0161a v kostole sv Al\u017ebety Uhorskej<br \/>\n-Koncert komornej hudby\u00a0 u\u010dastn\u00edkov majstrovsk\u00fdch kurzov MUSICA ARVENZIS<br \/>\n-40 hudobn\u00edkov z cel\u00e9ho sveta<br \/>\n&#8211; Organiz\u00e1torom odbornej \u010dasti \u2013 Oravsk\u00e9 m\u00fazeum P.O Hviezdoslava v spolupr\u00e1ci s \u00fastred\u00edm v\u010del\u00e1rov Slovenska<br \/>\n-vyst\u00fapenie detsk\u00e9ho folkl\u00f3rneho s\u00faboru Roh\u00e1\u010dik zo Zuberca, Folkl\u00f3rnej  skupiny Oravsk\u00e9ho Bieleho Potoka a m\u00fazejn\u00e9ho zoskupenia Brestov\u00e1<br \/>\n<strong>&#8211; ochutn\u00e1vka medov\u00fdch v\u00fdrobkov<\/strong><\/p>\n<h2>5. ro\u010dn\u00edk festivalu \u201eStar\u00e1 cesta u susedov\u201c v Habovke<\/h2>\n<p>August 15-16, 2011<\/p>\n<p>S\u00fa\u010das\u0165ou festivalu je furmanka po Starej ceste- tradi\u010dn\u00e9 konsk\u00e9  povozy prev\u00e1\u017eaj\u00fa \u013eud\u00ed z Habovky do M\u00fazea Oravskej dediny v Brestovej.  Predstavuj\u00fa sa kapely z \u010ciech a Slovenska.. 2 d\u0148ov\u00fd country festival  usporiada v Habovke 15-16 augusta obec Habovka. Festival znikol v roku  2002. S\u00fa\u010das\u0165ou festivalu je furmanka po Starej ceste- tradi\u010dn\u00e9 konsk\u00e9  povozy prev\u00e1\u017eaj\u00fa \u013eud\u00ed z Habovky do M\u00fazea Oravskej dediny v Brestovej.  Predstavuj\u00fa sa kapely z \u010ciech a Slovenska..<\/p>\n<h2>Pl\u00e1ten\u00e1 nede\u013ea v m\u00fazeum Oravskej dediny v\u00a0Zuberci na Orave<\/h2>\n<p>August 21, 2011<\/p>\n<p>uk\u00e1\u017eky spracovania \u013eanu, v\u00fdroby pl\u00e1tna a \u013eudov\u00e9ho odevu, folkl\u00f3rne  vyst\u00fapenia v M\u00fazeum Oravskej dediny v Zuberci na Brestovej. Pripomienkou  na \u010dasy, kedy bola Orava jedn\u00fdm z hlavn\u00fdch centier pl\u00e1tenn\u00edctva na  Slovensku, je Pl\u00e1tenn\u00e1 nede\u013ea. V m\u00fazeum Oravskej dediny v Zuberci na  Brestovej pod Roh\u00e1\u010dmi sa kon\u00e1 d\u0148a 21.8. 2011 jedine\u010dn\u00e9 tradi\u010dn\u00e9  podujatie spracovania \u013eanu. N\u00e1v\u0161tevn\u00edci si sami m\u00f4\u017eu vys\u00fa\u0161a\u0165 tkanie,  v\u00fdroba \u013eudov\u00e9ho odevu so sprievodn\u00fdm podujat\u00edm, folkl\u00f3rne vyst\u00fapenia  folkl\u00f3rnych skup\u00edn nie len z Oravy.<\/p>\n<p>13.00<br \/>\nHladenie pl\u00e1tna v mangli na konsk\u00fd pohon<br \/>\nPranie a bielenie pl\u00e1tna na potoku<br \/>\n14.00<br \/>\nfolkl\u00f3rny program o spracovan\u00ed \u013eanu<br \/>\n\u00fa\u010dinkuje folkl\u00f3rna skupina Brestov\u00e1 a jej hostia:<br \/>\nFS z Oravsk\u00e9ho Bieleho Potoka<br \/>\nPodroh\u00e1\u010dska \u013eudov\u00e1 hudba zo Zuberca<\/p>\n<p>Srde\u010dn\u00e9 V\u00e1s k n\u00e1m do Z\u00e1padn\u00fdch Tatier do m\u00fazea Oravskej dediny v Zuberci na Brestovej poz\u00fdvame!<\/p>\n<p>&nbsp;<\/p>\n<h2>ROZL\u00da\u010cKA S LETOM<\/h2>\n<p>August 28, 2011<\/p>\n<p>Program sa kon\u00e1 spravidla v posledn\u00fa augustov\u00fa nede\u013eu. Okrem  predv\u00e1dzania remeselnej v\u00fdroby je pre n\u00e1v\u0161tevn\u00edkov v\u017edy pripraven\u00fd aj  sprievodn\u00fd program \u2013 koncert v kostole sv. Al\u017ebety, folkl\u00f3rne  vyst\u00fapenia, predv\u00e1dzanie technick\u00fdch stavieb a podobne.<\/p>","protected":false},"excerpt":{"rendered":"<p>Pon\u00fakame v\u00e1m tie najkraj\u0161ie tradi\u010dn\u00e9, kul\u00farne a \u0161portov\u00e9 podujatia, ktor\u00e9 s nami m\u00f4\u017eete nav\u0161t\u00edvi\u0165. Ak m\u00e1te z\u00e1ujem alebo ak\u00e9ko\u013evek ot\u00e1zky kontaktujte n\u00e1s. Radi uv\u00edtame ak\u00e9ko\u013evek va\u0161e koment\u00e1re, \u017eiadosti a inform\u00e1cie o podujatiach na Slovensku: info@enjoyslovakiasoul.com. Te\u0161\u00edme sa na stretnutie s vami! &nbsp; &nbsp; Romantick\u00e1 plavba na pltiach okolo Oravsk\u00e9ho Hradu M\u00e1j-Okt\u00f3ber, 2011 Ak t\u00fa\u017eite za\u017ei\u0165 [&hellip;]<\/p>\n","protected":false},"author":1,"featured_media":0,"parent":0,"menu_order":0,"comment_status":"open","ping_status":"open","template":"","meta":{"ngg_post_thumbnail":0},"yoast_head":"<!-- This site is optimized with the Yoast SEO plugin v20.3 - https:\/\/yoast.com\/wordpress\/plugins\/seo\/ -->\n<title>Leto- Zoznam Podujat\u00ed na Slovensku - EST Frontier Slovakia<\/title>\n<meta name=\"robots\" content=\"index, follow, max-snippet:-1, max-image-preview:large, max-video-preview:-1\" \/>\n<link rel=\"canonical\" href=\"https:\/\/www.enjoyslovakiasoul.com\/summer\/\" \/>\n<meta property=\"og:locale\" content=\"sk_SK\" \/>\n<meta property=\"og:type\" content=\"article\" \/>\n<meta property=\"og:title\" content=\"Leto- Zoznam Podujat\u00ed na Slovensku - EST Frontier Slovakia\" \/>\n<meta property=\"og:description\" content=\"Pon\u00fakame v\u00e1m tie najkraj\u0161ie tradi\u010dn\u00e9, kul\u00farne a \u0161portov\u00e9 podujatia, ktor\u00e9 s nami m\u00f4\u017eete nav\u0161t\u00edvi\u0165. Ak m\u00e1te z\u00e1ujem alebo ak\u00e9ko\u013evek ot\u00e1zky kontaktujte n\u00e1s. Radi uv\u00edtame ak\u00e9ko\u013evek va\u0161e koment\u00e1re, \u017eiadosti a inform\u00e1cie o podujatiach na Slovensku: info@enjoyslovakiasoul.com. Te\u0161\u00edme sa na stretnutie s vami! &nbsp; &nbsp; Romantick\u00e1 plavba na pltiach okolo Oravsk\u00e9ho Hradu M\u00e1j-Okt\u00f3ber, 2011 Ak t\u00fa\u017eite za\u017ei\u0165 [&hellip;]\" \/>\n<meta property=\"og:url\" content=\"https:\/\/www.enjoyslovakiasoul.com\/summer\/\" \/>\n<meta property=\"og:site_name\" content=\"EST Frontier Slovakia\" \/>\n<meta property=\"article:modified_time\" content=\"2011-05-20T20:36:15+00:00\" \/>\n<meta property=\"og:image\" content=\"http:\/\/www.enjoyslovakiasoul.com\/wp-content\/uploads\/medzinarodny-den-deti-v-muzeu-oravskej-dediny-150x150.jpg\" \/>\n<meta name=\"twitter:card\" content=\"summary_large_image\" \/>\n<meta name=\"twitter:label1\" content=\"Predpokladan\u00fd \u010das \u010d\u00edtania\" \/>\n\t<meta name=\"twitter:data1\" content=\"21 min\u00fat\" \/>\n<script type=\"application\/ld+json\" class=\"yoast-schema-graph\">{\"@context\":\"https:\/\/schema.org\",\"@graph\":[{\"@type\":\"WebPage\",\"@id\":\"https:\/\/www.enjoyslovakiasoul.com\/summer\/\",\"url\":\"https:\/\/www.enjoyslovakiasoul.com\/summer\/\",\"name\":\"Leto- Zoznam Podujat\u00ed na Slovensku - EST Frontier Slovakia\",\"isPartOf\":{\"@id\":\"https:\/\/www.enjoyslovakiasoul.com\/#website\"},\"datePublished\":\"2011-05-18T10:09:17+00:00\",\"dateModified\":\"2011-05-20T20:36:15+00:00\",\"breadcrumb\":{\"@id\":\"https:\/\/www.enjoyslovakiasoul.com\/summer\/#breadcrumb\"},\"inLanguage\":\"sk-SK\",\"potentialAction\":[{\"@type\":\"ReadAction\",\"target\":[\"https:\/\/www.enjoyslovakiasoul.com\/summer\/\"]}]},{\"@type\":\"BreadcrumbList\",\"@id\":\"https:\/\/www.enjoyslovakiasoul.com\/summer\/#breadcrumb\",\"itemListElement\":[{\"@type\":\"ListItem\",\"position\":1,\"name\":\"Home\",\"item\":\"https:\/\/www.enjoyslovakiasoul.com\/\"},{\"@type\":\"ListItem\",\"position\":2,\"name\":\"Summer- Slovakia Calendar of Events\"}]},{\"@type\":\"WebSite\",\"@id\":\"https:\/\/www.enjoyslovakiasoul.com\/#website\",\"url\":\"https:\/\/www.enjoyslovakiasoul.com\/\",\"name\":\"EST Frontier Slovakia\",\"description\":\"Fun, Relax, Adventure\",\"potentialAction\":[{\"@type\":\"SearchAction\",\"target\":{\"@type\":\"EntryPoint\",\"urlTemplate\":\"https:\/\/www.enjoyslovakiasoul.com\/?s={search_term_string}\"},\"query-input\":\"required name=search_term_string\"}],\"inLanguage\":\"sk-SK\"}]}<\/script>\n<!-- \/ Yoast SEO plugin. -->","yoast_head_json":{"title":"Leto- Zoznam Podujat\u00ed na Slovensku - EST Frontier Slovakia","robots":{"index":"index","follow":"follow","max-snippet":"max-snippet:-1","max-image-preview":"max-image-preview:large","max-video-preview":"max-video-preview:-1"},"canonical":"https:\/\/www.enjoyslovakiasoul.com\/summer\/","og_locale":"sk_SK","og_type":"article","og_title":"Leto- Zoznam Podujat\u00ed na Slovensku - EST Frontier Slovakia","og_description":"Pon\u00fakame v\u00e1m tie najkraj\u0161ie tradi\u010dn\u00e9, kul\u00farne a \u0161portov\u00e9 podujatia, ktor\u00e9 s nami m\u00f4\u017eete nav\u0161t\u00edvi\u0165. Ak m\u00e1te z\u00e1ujem alebo ak\u00e9ko\u013evek ot\u00e1zky kontaktujte n\u00e1s. Radi uv\u00edtame ak\u00e9ko\u013evek va\u0161e koment\u00e1re, \u017eiadosti a inform\u00e1cie o podujatiach na Slovensku: info@enjoyslovakiasoul.com. Te\u0161\u00edme sa na stretnutie s vami! &nbsp; &nbsp; Romantick\u00e1 plavba na pltiach okolo Oravsk\u00e9ho Hradu M\u00e1j-Okt\u00f3ber, 2011 Ak t\u00fa\u017eite za\u017ei\u0165 [&hellip;]","og_url":"https:\/\/www.enjoyslovakiasoul.com\/summer\/","og_site_name":"EST Frontier Slovakia","article_modified_time":"2011-05-20T20:36:15+00:00","og_image":[{"url":"http:\/\/www.enjoyslovakiasoul.com\/wp-content\/uploads\/medzinarodny-den-deti-v-muzeu-oravskej-dediny-150x150.jpg"}],"twitter_card":"summary_large_image","twitter_misc":{"Predpokladan\u00fd \u010das \u010d\u00edtania":"21 min\u00fat"},"schema":{"@context":"https:\/\/schema.org","@graph":[{"@type":"WebPage","@id":"https:\/\/www.enjoyslovakiasoul.com\/summer\/","url":"https:\/\/www.enjoyslovakiasoul.com\/summer\/","name":"Leto- Zoznam Podujat\u00ed na Slovensku - EST Frontier Slovakia","isPartOf":{"@id":"https:\/\/www.enjoyslovakiasoul.com\/#website"},"datePublished":"2011-05-18T10:09:17+00:00","dateModified":"2011-05-20T20:36:15+00:00","breadcrumb":{"@id":"https:\/\/www.enjoyslovakiasoul.com\/summer\/#breadcrumb"},"inLanguage":"sk-SK","potentialAction":[{"@type":"ReadAction","target":["https:\/\/www.enjoyslovakiasoul.com\/summer\/"]}]},{"@type":"BreadcrumbList","@id":"https:\/\/www.enjoyslovakiasoul.com\/summer\/#breadcrumb","itemListElement":[{"@type":"ListItem","position":1,"name":"Home","item":"https:\/\/www.enjoyslovakiasoul.com\/"},{"@type":"ListItem","position":2,"name":"Summer- Slovakia Calendar of Events"}]},{"@type":"WebSite","@id":"https:\/\/www.enjoyslovakiasoul.com\/#website","url":"https:\/\/www.enjoyslovakiasoul.com\/","name":"EST Frontier Slovakia","description":"Fun, Relax, Adventure","potentialAction":[{"@type":"SearchAction","target":{"@type":"EntryPoint","urlTemplate":"https:\/\/www.enjoyslovakiasoul.com\/?s={search_term_string}"},"query-input":"required name=search_term_string"}],"inLanguage":"sk-SK"}]}},"_links":{"self":[{"href":"https:\/\/www.enjoyslovakiasoul.com\/sk\/wp-json\/wp\/v2\/pages\/413"}],"collection":[{"href":"https:\/\/www.enjoyslovakiasoul.com\/sk\/wp-json\/wp\/v2\/pages"}],"about":[{"href":"https:\/\/www.enjoyslovakiasoul.com\/sk\/wp-json\/wp\/v2\/types\/page"}],"author":[{"embeddable":true,"href":"https:\/\/www.enjoyslovakiasoul.com\/sk\/wp-json\/wp\/v2\/users\/1"}],"replies":[{"embeddable":true,"href":"https:\/\/www.enjoyslovakiasoul.com\/sk\/wp-json\/wp\/v2\/comments?post=413"}],"version-history":[{"count":27,"href":"https:\/\/www.enjoyslovakiasoul.com\/sk\/wp-json\/wp\/v2\/pages\/413\/revisions"}],"predecessor-version":[{"id":720,"href":"https:\/\/www.enjoyslovakiasoul.com\/sk\/wp-json\/wp\/v2\/pages\/413\/revisions\/720"}],"wp:attachment":[{"href":"https:\/\/www.enjoyslovakiasoul.com\/sk\/wp-json\/wp\/v2\/media?parent=413"}],"curies":[{"name":"wp","href":"https:\/\/api.w.org\/{rel}","templated":true}]}}